{"id":11843,"date":"2023-02-20T11:50:51","date_gmt":"2023-02-20T10:50:51","guid":{"rendered":"https:\/\/www.campinglesnobis.com\/montreuil-bellay\/"},"modified":"2024-07-02T11:33:09","modified_gmt":"2024-07-02T09:33:09","slug":"toerisme-montreuil-belay","status":"publish","type":"page","link":"https:\/\/www.campinglesnobis.com\/nl\/toerisme-montreuil-belay\/","title":{"rendered":"Montreuil-Bellay"},"content":{"rendered":"<section id=\"ls-section-block_0b1a9555f354f9c2591a9cc8d93dfcf9\" class=\"ls-section  page-chapeau has-p-b p-b-0\" >\r\n        <div class=\"container \">\r\n        \n\n<h1 class=\"ls__heading wp-block-heading has-text-align-center\">Toerisme in Montreuil-Bellay in Maine-et-Loire<\/h1>\n\n\r\n    <\/div>\r\n<\/section>\n\n<section id=\"ls-section-block_fabb451d82c4fefee8b3875e816f7ed0\" class=\"ls-section  page-one\" >\r\n        <div class=\"container container--wide\">\r\n        \n\n<div class=\"wp-block-columns is-layout-flex wp-container-core-columns-is-layout-9d6595d7 wp-block-columns-is-layout-flex\">\n<div class=\"wp-block-column is-layout-flow wp-block-column-is-layout-flow\" style=\"flex-basis:70%\">\n<figure class=\"wp-block-image size-full animated fadeIn slow deco-chateau blanc right\"><a href=\"https:\/\/www.campinglesnobis.com\/wp-content\/uploads\/2023\/04\/village-fleurit-de-montreuil-Bellay-cite-fortifiee-temparts-ciel-bleu_resultat.webp\"><img decoding=\"async\" width=\"800\" height=\"530\" src=\"https:\/\/www.campinglesnobis.com\/wp-content\/uploads\/2023\/04\/village-fleurit-de-montreuil-Bellay-cite-fortifiee-temparts-ciel-bleu_resultat.webp\" alt=\"bloemrijk dorp van montreuil Bellay citeert versterkte temparts blauwe hemel resultaat\" class=\"wp-image-9428\" title=\"pagina-\u00e9\u00e9n\" srcset=\"https:\/\/www.campinglesnobis.com\/wp-content\/uploads\/2023\/04\/village-fleurit-de-montreuil-Bellay-cite-fortifiee-temparts-ciel-bleu_resultat.webp 800w, https:\/\/www.campinglesnobis.com\/wp-content\/uploads\/2023\/04\/village-fleurit-de-montreuil-Bellay-cite-fortifiee-temparts-ciel-bleu_resultat-300x199.webp 300w, https:\/\/www.campinglesnobis.com\/wp-content\/uploads\/2023\/04\/village-fleurit-de-montreuil-Bellay-cite-fortifiee-temparts-ciel-bleu_resultat-768x509.webp 768w\" sizes=\"(max-width: 800px) 100vw, 800px\" \/><\/a><\/figure>\n<\/div>\n\n\n\n<div class=\"wp-block-column is-vertically-aligned-center is-layout-flow wp-block-column-is-layout-flow\" style=\"flex-basis:30%\">\n<p class=\"ls-paragraph\">Versterkte stad Anjou, aantrekkelijke middeleeuwse stad in het hart van de Loire-vallei, kunt u tijdens uw bezoek, tijdens uw wandelingen, verschillende locaties bekijken en  <strong>Historische monumenten<\/strong>, zoals de Escalier Saint Pierre, het kasteel, de ru\u00efnes van de kerk, het Saint Jean ziekenhuis evenals de kerk en vele herenhuizen, zoals het huis van Ovalle. <\/p>\n\n\n\n<p class=\"ls-paragraph\"><strong>Montreuil-Bellay, de versterkte stad van het regionaal natuurpark Loire-Anjou-Touraine,<\/strong> is gebouwd rond een kasteel en een collegiale kerk waarvan de gezamenlijke silhouetten al van ver te zien zijn.<\/p>\n\n\n\n<p class=\"ls-paragraph\">Het uitzonderlijke behoud van de wallen, het aantal historische monumenten en de charmante ligging aan de oevers van Thouet leverden het de labels op van &#8220;Kleine stad van karakter&#8221; en &#8220;Groene stad&#8221; evenals een classificatie onder <strong>de &#8220;Mooiste omwegen van Frankrijk&#8221;.<\/strong><\/p>\n<\/div>\n<\/div>\n\n\r\n    <\/div>\r\n<\/section>\n\n<section id=\"ls-section-block_92bb812b1ba43f0fb80250f441936b22\" class=\"ls-section  page-two deco-gris has-p-b p-b-14\" >\r\n        <div class=\"container container--wide\">\r\n        \n\n<div class=\"wp-block-columns first is-layout-flex wp-container-core-columns-is-layout-9d6595d7 wp-block-columns-is-layout-flex\">\n<div class=\"wp-block-column is-vertically-aligned-center left is-layout-flow wp-block-column-is-layout-flow\">\n<h2 class=\"ls__heading wp-block-heading\">Montreuil-Bellay Excursies<\/h2>\n\n\n\n<p class=\"ls-paragraph\">In de zomer maken vertelwandelingen en historische schetsen het mogelijk om te meten  de <strong>rijkdom<\/strong> van zijn erfgoed: het ziekenhuis Saint-Jean, het voormalige H\u00f4tel Dieu uit de 15e eeuw, de wallen en de deuren met bossen, de ru\u00efnes van de gotische bruggen, de Bo\u00eblle-toren, de vooruitgeschoven verdedigingspost op de Thouet, <strong>de charmante residenties<\/strong>  zoals de Clos Gaudrez, zijn muziektent in de tuinen van de Mail Aubelle, zijn voormalige kerk van de Grands Augustins, zijn voormalige tiendenschuur die restaurant van fou\u00e9es werd, of zijn kasteel, castrale complex met torens en keukens uit de 13e eeuw, twee statige huizen uit het begin en de late 15e eeuw en een collegiale kerk uit de late 15e eeuw.  <\/p>\n\n\n\n<p class=\"ls-paragraph\">Aan de oevers van de Thouet liggen de overblijfselen en het <strong>onvoltooide klooster van een oud benedictijnenklooster<\/strong> : de priorij van de Nobis. Montreuil-Bellay is ook de geboorteplaats van de dichter Charles Dovalle (1807-1829).  <\/p>\n\n\n\n<p class=\"ls-paragraph addReadMore showlesscontent\"><strong>Stad van charme<\/strong>, <a href=\"https:\/\/www.ville-montreuil-bellay.fr\/\">de stad Montreuil-Bellay<\/a> dient als kader voor velen <strong>Culturele en feestelijke evenementen<\/strong> : middeleeuwse evenementen, speurtochten ter gelegenheid van Open Monumentendagen, een <strong>Salon du livre et des m\u00e9tiers d&#8217;arts<\/strong>, een gerenommeerd stripboekfestival, een wedstrijd van schilders in de stad, of vlooien, concerten en af en toe fee\u00ebn.<br><br>Ben je <strong>een wijnliefhebber<\/strong> ? Kom en ontdek de kelders, wijngaarden van de wijndomeinen van Saumur.<\/p>\n<\/div>\n\n\n\n<div class=\"wp-block-column is-vertically-aligned-center right is-layout-flow wp-block-column-is-layout-flow\">\n<figure class=\"wp-block-gallery has-nested-images columns-2 is-cropped wp-block-gallery-1 is-layout-flex wp-block-gallery-is-layout-flex\">\n<figure class=\"wp-block-image size-large\"><a href=\"https:\/\/www.campinglesnobis.com\/wp-content\/uploads\/2023\/04\/montreuil-bellay-chateaau-famille-ballade-fortifications_resultat.webp\"><img decoding=\"async\" width=\"800\" height=\"541\" data-id=\"9436\" src=\"https:\/\/www.campinglesnobis.com\/wp-content\/uploads\/2023\/04\/montreuil-bellay-chateaau-famille-ballade-fortifications_resultat.webp\" alt=\"Montreuil Bellay Chateaau familie Ballade vestingwerken Resultat\" class=\"wp-image-9436\" srcset=\"https:\/\/www.campinglesnobis.com\/wp-content\/uploads\/2023\/04\/montreuil-bellay-chateaau-famille-ballade-fortifications_resultat.webp 800w, https:\/\/www.campinglesnobis.com\/wp-content\/uploads\/2023\/04\/montreuil-bellay-chateaau-famille-ballade-fortifications_resultat-300x203.webp 300w, https:\/\/www.campinglesnobis.com\/wp-content\/uploads\/2023\/04\/montreuil-bellay-chateaau-famille-ballade-fortifications_resultat-768x519.webp 768w\" sizes=\"(max-width: 800px) 100vw, 800px\" \/><\/a><\/figure>\n\n\n\n<figure class=\"wp-block-image size-large\"><a href=\"https:\/\/www.campinglesnobis.com\/wp-content\/uploads\/2023\/04\/facade-du-chateau-de-montreuil-bellay-en-ete-sous-le-ciel-bleu_resultat.webp\"><img decoding=\"async\" width=\"451\" height=\"600\" data-id=\"9433\" src=\"https:\/\/www.campinglesnobis.com\/wp-content\/uploads\/2023\/04\/facade-du-chateau-de-montreuil-bellay-en-ete-sous-le-ciel-bleu_resultat.webp\" alt=\"Voorgevel van het kasteel van Montreuil Bellay in de zomer onder de blauwe hemel resultaat\" class=\"wp-image-9433\" srcset=\"https:\/\/www.campinglesnobis.com\/wp-content\/uploads\/2023\/04\/facade-du-chateau-de-montreuil-bellay-en-ete-sous-le-ciel-bleu_resultat.webp 451w, https:\/\/www.campinglesnobis.com\/wp-content\/uploads\/2023\/04\/facade-du-chateau-de-montreuil-bellay-en-ete-sous-le-ciel-bleu_resultat-226x300.webp 226w\" sizes=\"(max-width: 451px) 100vw, 451px\" \/><\/a><\/figure>\n\n\n\n<figure class=\"wp-block-image size-large\"><a href=\"https:\/\/www.campinglesnobis.com\/wp-content\/uploads\/2023\/04\/montreuil-bellay-chateaau_resultat.webp\"><img decoding=\"async\" width=\"800\" height=\"600\" data-id=\"9442\" src=\"https:\/\/www.campinglesnobis.com\/wp-content\/uploads\/2023\/04\/montreuil-bellay-chateaau_resultat.webp\" alt=\"Montreuil Bellay Chateaau Resultaat\" class=\"wp-image-9442\" srcset=\"https:\/\/www.campinglesnobis.com\/wp-content\/uploads\/2023\/04\/montreuil-bellay-chateaau_resultat.webp 800w, https:\/\/www.campinglesnobis.com\/wp-content\/uploads\/2023\/04\/montreuil-bellay-chateaau_resultat-300x225.webp 300w, https:\/\/www.campinglesnobis.com\/wp-content\/uploads\/2023\/04\/montreuil-bellay-chateaau_resultat-768x576.webp 768w\" sizes=\"(max-width: 800px) 100vw, 800px\" \/><\/a><\/figure>\n<\/figure>\n<\/div>\n<\/div>\n\n\n\n<figure class=\"wp-block-image size-full image-deco\"><img decoding=\"async\" width=\"200\" height=\"110\" src=\"https:\/\/www.campinglesnobis.com\/wp-content\/uploads\/2023\/03\/Jumelle-locationicones.png\" alt=\"Verrekijker locatieicones\" class=\"wp-image-8052\"\/><\/figure>\n\n\r\n    <\/div>\r\n<\/section>\n\n<section id=\"ls-section-block_25f6670fa35d5b89e48016043964d47a\" class=\"ls-section  page-maillage has-p-t p-t-14 has-p-b p-b-14\" >\r\n        <div class=\"container container--wide\">\r\n        \n\n<div id=\"ls-heading ls-titre-div-block_d303dca9214b85024ac1581af1bda035\" class=\"ls-titre-div aligncenter h2-like\" >\n    Ontdek de omgeving!<\/div>\n\n\n<div id=\"ls-maillage-block_93e92df506393e756b4aa67db4f076e4\" class=\"ls-maillage cta-style-normal\" data-rows=\"3\">\r\n    <div class=\"wp-block-columns\"><div class=\"wp-block-column\">\n\n<a href=\"https:\/\/www.campinglesnobis.com\/nl\/camping-kastelen-van-de-loire\/\" target=\"\" rel=\"noopener\" class=\"ls-cta__link\">\n\n\t<div class=\"ls-cta__image\"><img decoding=\"async\" src=\"https:\/\/www.campinglesnobis.com\/wp-content\/uploads\/2023\/03\/chateau-cheverny-cc-commons-768x576.webp\" alt=\"chateau cheverny cc commons\"><\/div>\n\t<div class=\"ls-cta__title\">\n\t\t<span>Ontdek de<\/span> <\/br> Kastelen van de Loire\t<\/div>\n\n\t\n<\/a>\n<\/div><div class=\"wp-block-column\">\n\n<a href=\"https:\/\/www.campinglesnobis.com\/nl\/toerism-saumur\/\" target=\"\" rel=\"noopener\" class=\"ls-cta__link\">\n\n\t<div class=\"ls-cta__image\"><img decoding=\"async\" src=\"https:\/\/www.campinglesnobis.com\/wp-content\/uploads\/2023\/03\/balade-dans-la-ville-de-saumur-768x512.webp\" alt=\"balade dans la ville de saumur\"><\/div>\n\t<div class=\"ls-cta__title\">\n\t\t<span>Ontdekken<\/span> <\/br> Saumur\t<\/div>\n\n\t\n<\/a>\n<\/div><div class=\"wp-block-column\">\n\n<a href=\"https:\/\/www.campinglesnobis.com\/nl\/campingvakantie-puy-du-fou\/\" target=\"\" rel=\"noopener\" class=\"ls-cta__link\">\n\n\t<div class=\"ls-cta__image\"><img decoding=\"async\" src=\"https:\/\/www.campinglesnobis.com\/wp-content\/uploads\/2023\/04\/puy-du-fou-2023-ebillet-non-date-grand-parc-768x581.jpg\" alt=\"puy du fou  ebillet non date grand parc\"><\/div>\n\t<div class=\"ls-cta__title\">\n\t\tDe Puy du Fou\t<\/div>\n\n\t\n<\/a>\n<\/div><\/div><\/div>\n\r\n    <\/div>\r\n<\/section>","protected":false},"excerpt":{"rendered":"","protected":false},"author":1,"featured_media":9451,"parent":0,"menu_order":0,"comment_status":"closed","ping_status":"closed","template":"","meta":{"_acf_changed":false,"inline_featured_image":false,"footnotes":""},"sujet":[],"class_list":["post-11843","page","type-page","status-publish","has-post-thumbnail","hentry"],"acf":[],"yoast_head":"<!-- This site is optimized with the Yoast SEO plugin v25.3 - https:\/\/yoast.com\/wordpress\/plugins\/seo\/ -->\n<title>Montreuil-Bellay: wat te zien, wat te doen in Montreuil-Bellay in Maine et Loire<\/title>\n<meta name=\"robots\" content=\"index, follow, max-snippet:-1, max-image-preview:large, max-video-preview:-1\" \/>\n<link rel=\"canonical\" href=\"https:\/\/www.campinglesnobis.com\/nl\/toerisme-montreuil-belay\/\" \/>\n<meta property=\"og:locale\" content=\"nl_NL\" \/>\n<meta property=\"og:type\" content=\"article\" \/>\n<meta property=\"og:title\" content=\"Montreuil-Bellay: wat te zien, wat te doen in Montreuil-Bellay in Maine et Loire\" \/>\n<meta property=\"og:url\" content=\"https:\/\/www.campinglesnobis.com\/nl\/toerisme-montreuil-belay\/\" \/>\n<meta property=\"og:site_name\" content=\"Camping les Nobis d&#039;Anjou\" \/>\n<meta property=\"article:modified_time\" content=\"2024-07-02T09:33:09+00:00\" \/>\n<meta property=\"og:image\" content=\"https:\/\/www.campinglesnobis.com\/wp-content\/uploads\/2023\/04\/montreuil-bellay-chateaau_1600_1200.webp\" \/>\n\t<meta property=\"og:image:width\" content=\"1600\" \/>\n\t<meta property=\"og:image:height\" content=\"1200\" \/>\n\t<meta property=\"og:image:type\" content=\"image\/webp\" \/>\n<meta name=\"twitter:card\" content=\"summary_large_image\" \/>\n<meta name=\"twitter:label1\" content=\"Geschatte leestijd\" \/>\n\t<meta name=\"twitter:data1\" content=\"3 minuten\" \/>\n<script type=\"application\/ld+json\" class=\"yoast-schema-graph\">{\"@context\":\"https:\/\/schema.org\",\"@graph\":[{\"@type\":\"WebPage\",\"@id\":\"https:\/\/www.campinglesnobis.com\/nl\/toerisme-montreuil-belay\/\",\"url\":\"https:\/\/www.campinglesnobis.com\/nl\/toerisme-montreuil-belay\/\",\"name\":\"Montreuil-Bellay: wat te zien, wat te doen in Montreuil-Bellay in Maine et Loire\",\"isPartOf\":{\"@id\":\"https:\/\/www.campinglesnobis.com\/nl\/#website\"},\"primaryImageOfPage\":{\"@id\":\"https:\/\/www.campinglesnobis.com\/nl\/toerisme-montreuil-belay\/#primaryimage\"},\"image\":{\"@id\":\"https:\/\/www.campinglesnobis.com\/nl\/toerisme-montreuil-belay\/#primaryimage\"},\"thumbnailUrl\":\"https:\/\/www.campinglesnobis.com\/wp-content\/uploads\/2023\/04\/montreuil-bellay-chateaau_1600_1200.webp\",\"datePublished\":\"2023-02-20T10:50:51+00:00\",\"dateModified\":\"2024-07-02T09:33:09+00:00\",\"breadcrumb\":{\"@id\":\"https:\/\/www.campinglesnobis.com\/nl\/toerisme-montreuil-belay\/#breadcrumb\"},\"inLanguage\":\"nl-NL\",\"potentialAction\":[{\"@type\":\"ReadAction\",\"target\":[\"https:\/\/www.campinglesnobis.com\/nl\/toerisme-montreuil-belay\/\"]}]},{\"@type\":\"ImageObject\",\"inLanguage\":\"nl-NL\",\"@id\":\"https:\/\/www.campinglesnobis.com\/nl\/toerisme-montreuil-belay\/#primaryimage\",\"url\":\"https:\/\/www.campinglesnobis.com\/wp-content\/uploads\/2023\/04\/montreuil-bellay-chateaau_1600_1200.webp\",\"contentUrl\":\"https:\/\/www.campinglesnobis.com\/wp-content\/uploads\/2023\/04\/montreuil-bellay-chateaau_1600_1200.webp\",\"width\":1600,\"height\":1200,\"caption\":\"montreuil bellay chateaau\"},{\"@type\":\"BreadcrumbList\",\"@id\":\"https:\/\/www.campinglesnobis.com\/nl\/toerisme-montreuil-belay\/#breadcrumb\",\"itemListElement\":[{\"@type\":\"ListItem\",\"position\":1,\"name\":\"camping Saumur\",\"item\":\"https:\/\/www.campinglesnobis.com\/nl\/\"},{\"@type\":\"ListItem\",\"position\":2,\"name\":\"Montreuil-Bellay\"}]},{\"@type\":\"WebSite\",\"@id\":\"https:\/\/www.campinglesnobis.com\/nl\/#website\",\"url\":\"https:\/\/www.campinglesnobis.com\/nl\/\",\"name\":\"Camping les Nobis d'Anjou\",\"description\":\"\",\"publisher\":{\"@id\":\"https:\/\/www.campinglesnobis.com\/nl\/#organization\"},\"alternateName\":\"Les Nobis d'Anjou\",\"potentialAction\":[{\"@type\":\"SearchAction\",\"target\":{\"@type\":\"EntryPoint\",\"urlTemplate\":\"https:\/\/www.campinglesnobis.com\/nl\/?s={search_term_string}\"},\"query-input\":{\"@type\":\"PropertyValueSpecification\",\"valueRequired\":true,\"valueName\":\"search_term_string\"}}],\"inLanguage\":\"nl-NL\"},{\"@type\":\"Organization\",\"@id\":\"https:\/\/www.campinglesnobis.com\/nl\/#organization\",\"name\":\"Camping les Nobis d'Anjou\",\"url\":\"https:\/\/www.campinglesnobis.com\/nl\/\",\"logo\":{\"@type\":\"ImageObject\",\"inLanguage\":\"nl-NL\",\"@id\":\"https:\/\/www.campinglesnobis.com\/nl\/#\/schema\/logo\/image\/\",\"url\":\"https:\/\/www.campinglesnobis.com\/wp-content\/uploads\/2023\/02\/logo-paradis-nobis.webp\",\"contentUrl\":\"https:\/\/www.campinglesnobis.com\/wp-content\/uploads\/2023\/02\/logo-paradis-nobis.webp\",\"width\":200,\"height\":200,\"caption\":\"Camping les Nobis d'Anjou\"},\"image\":{\"@id\":\"https:\/\/www.campinglesnobis.com\/nl\/#\/schema\/logo\/image\/\"}}]}<\/script>\n<!-- \/ Yoast SEO plugin. -->","yoast_head_json":{"title":"Montreuil-Bellay: wat te zien, wat te doen in Montreuil-Bellay in Maine et Loire","robots":{"index":"index","follow":"follow","max-snippet":"max-snippet:-1","max-image-preview":"max-image-preview:large","max-video-preview":"max-video-preview:-1"},"canonical":"https:\/\/www.campinglesnobis.com\/nl\/toerisme-montreuil-belay\/","og_locale":"nl_NL","og_type":"article","og_title":"Montreuil-Bellay: wat te zien, wat te doen in Montreuil-Bellay in Maine et Loire","og_url":"https:\/\/www.campinglesnobis.com\/nl\/toerisme-montreuil-belay\/","og_site_name":"Camping les Nobis d&#039;Anjou","article_modified_time":"2024-07-02T09:33:09+00:00","og_image":[{"width":1600,"height":1200,"url":"https:\/\/www.campinglesnobis.com\/wp-content\/uploads\/2023\/04\/montreuil-bellay-chateaau_1600_1200.webp","type":"image\/webp"}],"twitter_card":"summary_large_image","twitter_misc":{"Geschatte leestijd":"3 minuten"},"schema":{"@context":"https:\/\/schema.org","@graph":[{"@type":"WebPage","@id":"https:\/\/www.campinglesnobis.com\/nl\/toerisme-montreuil-belay\/","url":"https:\/\/www.campinglesnobis.com\/nl\/toerisme-montreuil-belay\/","name":"Montreuil-Bellay: wat te zien, wat te doen in Montreuil-Bellay in Maine et Loire","isPartOf":{"@id":"https:\/\/www.campinglesnobis.com\/nl\/#website"},"primaryImageOfPage":{"@id":"https:\/\/www.campinglesnobis.com\/nl\/toerisme-montreuil-belay\/#primaryimage"},"image":{"@id":"https:\/\/www.campinglesnobis.com\/nl\/toerisme-montreuil-belay\/#primaryimage"},"thumbnailUrl":"https:\/\/www.campinglesnobis.com\/wp-content\/uploads\/2023\/04\/montreuil-bellay-chateaau_1600_1200.webp","datePublished":"2023-02-20T10:50:51+00:00","dateModified":"2024-07-02T09:33:09+00:00","breadcrumb":{"@id":"https:\/\/www.campinglesnobis.com\/nl\/toerisme-montreuil-belay\/#breadcrumb"},"inLanguage":"nl-NL","potentialAction":[{"@type":"ReadAction","target":["https:\/\/www.campinglesnobis.com\/nl\/toerisme-montreuil-belay\/"]}]},{"@type":"ImageObject","inLanguage":"nl-NL","@id":"https:\/\/www.campinglesnobis.com\/nl\/toerisme-montreuil-belay\/#primaryimage","url":"https:\/\/www.campinglesnobis.com\/wp-content\/uploads\/2023\/04\/montreuil-bellay-chateaau_1600_1200.webp","contentUrl":"https:\/\/www.campinglesnobis.com\/wp-content\/uploads\/2023\/04\/montreuil-bellay-chateaau_1600_1200.webp","width":1600,"height":1200,"caption":"montreuil bellay chateaau"},{"@type":"BreadcrumbList","@id":"https:\/\/www.campinglesnobis.com\/nl\/toerisme-montreuil-belay\/#breadcrumb","itemListElement":[{"@type":"ListItem","position":1,"name":"camping Saumur","item":"https:\/\/www.campinglesnobis.com\/nl\/"},{"@type":"ListItem","position":2,"name":"Montreuil-Bellay"}]},{"@type":"WebSite","@id":"https:\/\/www.campinglesnobis.com\/nl\/#website","url":"https:\/\/www.campinglesnobis.com\/nl\/","name":"Camping les Nobis d'Anjou","description":"","publisher":{"@id":"https:\/\/www.campinglesnobis.com\/nl\/#organization"},"alternateName":"Les Nobis d'Anjou","potentialAction":[{"@type":"SearchAction","target":{"@type":"EntryPoint","urlTemplate":"https:\/\/www.campinglesnobis.com\/nl\/?s={search_term_string}"},"query-input":{"@type":"PropertyValueSpecification","valueRequired":true,"valueName":"search_term_string"}}],"inLanguage":"nl-NL"},{"@type":"Organization","@id":"https:\/\/www.campinglesnobis.com\/nl\/#organization","name":"Camping les Nobis d'Anjou","url":"https:\/\/www.campinglesnobis.com\/nl\/","logo":{"@type":"ImageObject","inLanguage":"nl-NL","@id":"https:\/\/www.campinglesnobis.com\/nl\/#\/schema\/logo\/image\/","url":"https:\/\/www.campinglesnobis.com\/wp-content\/uploads\/2023\/02\/logo-paradis-nobis.webp","contentUrl":"https:\/\/www.campinglesnobis.com\/wp-content\/uploads\/2023\/02\/logo-paradis-nobis.webp","width":200,"height":200,"caption":"Camping les Nobis d'Anjou"},"image":{"@id":"https:\/\/www.campinglesnobis.com\/nl\/#\/schema\/logo\/image\/"}}]}},"_links":{"self":[{"href":"https:\/\/www.campinglesnobis.com\/nl\/wp-json\/wp\/v2\/pages\/11843","targetHints":{"allow":["GET"]}}],"collection":[{"href":"https:\/\/www.campinglesnobis.com\/nl\/wp-json\/wp\/v2\/pages"}],"about":[{"href":"https:\/\/www.campinglesnobis.com\/nl\/wp-json\/wp\/v2\/types\/page"}],"author":[{"embeddable":true,"href":"https:\/\/www.campinglesnobis.com\/nl\/wp-json\/wp\/v2\/users\/1"}],"replies":[{"embeddable":true,"href":"https:\/\/www.campinglesnobis.com\/nl\/wp-json\/wp\/v2\/comments?post=11843"}],"version-history":[{"count":5,"href":"https:\/\/www.campinglesnobis.com\/nl\/wp-json\/wp\/v2\/pages\/11843\/revisions"}],"predecessor-version":[{"id":14587,"href":"https:\/\/www.campinglesnobis.com\/nl\/wp-json\/wp\/v2\/pages\/11843\/revisions\/14587"}],"wp:featuredmedia":[{"embeddable":true,"href":"https:\/\/www.campinglesnobis.com\/nl\/wp-json\/wp\/v2\/media\/9451"}],"wp:attachment":[{"href":"https:\/\/www.campinglesnobis.com\/nl\/wp-json\/wp\/v2\/media?parent=11843"}],"wp:term":[{"taxonomy":"sujet","embeddable":true,"href":"https:\/\/www.campinglesnobis.com\/nl\/wp-json\/wp\/v2\/sujet?post=11843"}],"curies":[{"name":"wp","href":"https:\/\/api.w.org\/{rel}","templated":true}]}}